{"id":46179,"date":"2019-04-01T11:15:20","date_gmt":"2019-04-01T08:15:20","guid":{"rendered":"https:\/\/homs-univ.edu.sy\/l-admission-universitaire\/etudiants-du-premier-cycle-universitaire\/admission-directe-pour-les-titulaires-du-certificat-syrein-de-fin-d-etudes-secondaires-generales\/"},"modified":"2022-06-21T00:47:51","modified_gmt":"2022-06-20T21:47:51","slug":"admission-directe","status":"publish","type":"page","link":"https:\/\/homs-univ.edu.sy\/fr\/admission\/etudiants-du-premier-cycle-universitaire\/admission-directe\/","title":{"rendered":"Admission directe"},"content":{"rendered":"<div class=\"wpb-content-wrapper\"><p>[vc_row][vc_column][vc_column_text]<\/p>\n<div style=\"text-align: justify;\">\n<h3><span style=\"color: #dd3333;\">Admission directe pour les titulaires du certificat de fin d\u2019\u00e9tudes secondaires g\u00e9n\u00e9rales<\/span><\/h3>\n<h4>Branches de langues \u00e9trang\u00e8res<\/h4>\n<ol>\n<li> L\u2019\u00e9tudiant syrien et \u00e9tranger titulaire du certificat de fin d\u2019\u00e9tudes secondaires g\u00e9n\u00e9rales non syrien peut s\u2019inscrire dans les d\u00e9partements de langues \u00e9trang\u00e8res correspondants \u00e0 la langue mentionn\u00e9e dans le certificat d\u00e9livr\u00e9 \u00e0 condition que l\u2019\u00e9tudiant obtienne le certificat dans l\u2019ann\u00e9e d\u2019admission ou qui l\u2019a pr\u00e9c\u00e9d\u00e9e et que la moyenne ne soit pas inf\u00e9rieur \u00e0 50 %.<\/li>\n<li>L\u2019\u00e9tudiant syrien doit payer les frais d\u2019inscription parall\u00e8le si ses notes ne lui permettent de rejoindre la m\u00eame sp\u00e9cialit\u00e9.<\/li>\n<li>Les \u00e9tudiants arabes et \u00e9trangers doivent payer les m\u00eames frais des \u00e9tudiants admis au concours d\u2019admission d\u00e9di\u00e9e aux \u00e9tudiants arabes et \u00e9trangers.<\/li>\n<\/ol>\n<h4>Les filles\/fils des titulaires de la m\u00e9daille du h\u00e9ros de la R\u00e9publique Arabe Syrienne<\/h4>\n<ol>\n<li>Ils ont le droit d\u2019\u00eatre admis dans la Facult\u00e9, le d\u00e9partement ou l\u2019institut qu\u2019ils d\u00e9sirent selon le type du certificat des \u00e9tudes secondaires.<\/li>\n<\/ol>\n<h4>Titulaires du certificat de fin d&rsquo;\u00e9tudes secondaires de la charia<\/h4>\n<ol>\n<li>Ils sont admis directement aux facult\u00e9s de charia dans les universit\u00e9s de Damas et d\u2019Alep selon les conditions de l\u2019annonce publi\u00e9e par l\u2019entit\u00e9 concern\u00e9e.<\/li>\n<li>Ils sont admis directement \u00e0 l\u2019Institut Interm\u00e9diaire des Sciences Arabes et de la Charia ou dans les concours priv\u00e9s.<\/li>\n<li>Les \u00e9tudiants admis \u00e0 la Facult\u00e9 de Charia ou \u00e0 l\u2019Institut Interm\u00e9diaire des Sciences Arabes et de la Charia n\u2019ont pas le droit de se pr\u00e9senter au concours d\u2019admission universitaire g\u00e9n\u00e9rale.<\/li>\n<\/ol>\n<h4>Les titulaires du certificat de fin d\u2019\u00e9tudes secondaires professionnelles.<\/h4>\n<ol>\n<li> Les \u00e9tudiants syriens et ceux de statut \u00e9quivalent titulaires du certificat syrien de fin d\u2019\u00e9tudes secondaires professionnelles sont accept\u00e9s dans la m\u00eame ann\u00e9e de l\u2019admission aux facult\u00e9s correspondant \u00e0 leurs sp\u00e9cialisations et \u00e0 un certain pourcentage pour chaque coll\u00e8ge.<\/li>\n<li>La criti\u00e8re du classement des \u00e9tudiants majors est bas\u00e9e sur les r\u00e9sultats de la premi\u00e8re et la deuxi\u00e8me session ensemble, apr\u00e8s avoir supprim\u00e9 la note de l&rsquo;\u00e9ducation religieuse et celle-ci de la langue \u00e9trang\u00e8re la plus basse.<\/li>\n<\/ol>\n<\/div>\n<p>[\/vc_column_text][\/vc_column][\/vc_row][vc_row][vc_column][vc_column_text]<\/p>\n<p style=\"text-align: end;\"><a class=\"button  button_right button_size_2\" href=\"http:\/\/mohe.gov.sy\/SD08\/msf\/DirectApproval2015.pdf\" style=\"color:#dd3333;\" target=\"_blank\" title=\"\" rel=\"nofollow noopener\"><span class=\"button_icon\"><i class=\"icon-acrobat\"  style=\"color:#dd3333!important;\" aria-hidden=\"true\"><\/i><\/span><span class=\"button_label\">Pour plus d'informations<\/span><\/a>\n<\/p>\n<p>[\/vc_column_text][\/vc_column][\/vc_row]<\/p>\n<\/div>","protected":false},"excerpt":{"rendered":"<p>[vc_row][vc_column][vc_column_text] Admission directe pour les titulaires du certificat de fin d\u2019\u00e9tudes secondaires g\u00e9n\u00e9rales Branches de langues \u00e9trang\u00e8res L\u2019\u00e9tudiant syrien et \u00e9tranger titulaire du certificat de fin<span class=\"excerpt-hellip\"> [\u2026]<\/span><\/p>\n","protected":false},"author":2,"featured_media":0,"parent":45754,"menu_order":0,"comment_status":"closed","ping_status":"closed","template":"","meta":{"_acf_changed":false,"footnotes":""},"class_list":["post-46179","page","type-page","status-publish","hentry"],"acf":[],"_links":{"self":[{"href":"https:\/\/homs-univ.edu.sy\/fr\/wp-json\/wp\/v2\/pages\/46179","targetHints":{"allow":["GET"]}}],"collection":[{"href":"https:\/\/homs-univ.edu.sy\/fr\/wp-json\/wp\/v2\/pages"}],"about":[{"href":"https:\/\/homs-univ.edu.sy\/fr\/wp-json\/wp\/v2\/types\/page"}],"author":[{"embeddable":true,"href":"https:\/\/homs-univ.edu.sy\/fr\/wp-json\/wp\/v2\/users\/2"}],"replies":[{"embeddable":true,"href":"https:\/\/homs-univ.edu.sy\/fr\/wp-json\/wp\/v2\/comments?post=46179"}],"version-history":[{"count":8,"href":"https:\/\/homs-univ.edu.sy\/fr\/wp-json\/wp\/v2\/pages\/46179\/revisions"}],"predecessor-version":[{"id":48838,"href":"https:\/\/homs-univ.edu.sy\/fr\/wp-json\/wp\/v2\/pages\/46179\/revisions\/48838"}],"up":[{"embeddable":true,"href":"https:\/\/homs-univ.edu.sy\/fr\/wp-json\/wp\/v2\/pages\/45754"}],"wp:attachment":[{"href":"https:\/\/homs-univ.edu.sy\/fr\/wp-json\/wp\/v2\/media?parent=46179"}],"curies":[{"name":"wp","href":"https:\/\/api.w.org\/{rel}","templated":true}]}}