{"id":46422,"date":"2018-12-21T09:56:05","date_gmt":"2018-12-21T07:56:05","guid":{"rendered":"https:\/\/homs-univ.edu.sy\/l-enseignement\/les-facultes\/"},"modified":"2025-11-19T08:44:21","modified_gmt":"2025-11-19T05:44:21","slug":"facultes","status":"publish","type":"page","link":"https:\/\/homs-univ.edu.sy\/fr\/enseignement\/facultes\/","title":{"rendered":"Facult\u00e9s"},"content":{"rendered":"<div class=\"wpb-content-wrapper\"><p>[vc_row][vc_column][vc_column_text]<\/p>\n<div>\n<div>[\/vc_column_text][\/vc_column][\/vc_row][vc_row rtl_reverse=\u00a0\u00bbyes\u00a0\u00bb][vc_column][vc_tta_tabs style=\u00a0\u00bbmodern\u00a0\u00bb color=\u00a0\u00bbwhite\u00a0\u00bb alignment=\u00a0\u00bbcenter\u00a0\u00bb active_section=\u00a0\u00bb1&Prime; css_animation=\u00a0\u00bbfadeIn\u00a0\u00bb][vc_tta_section i_type=\u00a0\u00bbentypo\u00a0\u00bb i_icon_entypo=\u00a0\u00bbentypo-icon entypo-icon-tools\u00a0\u00bb add_icon=\u00a0\u00bbtrue\u00a0\u00bb title=\u00a0\u00bbLes sciences d&apos;ing\u00e9nierie\u00a0\u00bb tab_id=\u00a0\u00bb1756195270758-4112fa60-9d70&Prime;][vc_row_inner gap=\u00a0\u00bb2&Prime;][vc_column_inner width=\u00a0\u00bb1\/3&Prime;][vc_single_image image=\u00a0\u00bb89433&Prime; img_size=\u00a0\u00bb400&#215;300&Prime; alignment=\u00a0\u00bbright\u00a0\u00bb style=\u00a0\u00bbvc_box_rounded\u00a0\u00bb onclick=\u00a0\u00bbcustom_link\u00a0\u00bb img_link_target=\u00a0\u00bb_blank\u00a0\u00bb css_animation=\u00a0\u00bbfadeIn\u00a0\u00bb css=\u00a0\u00bb\u00a0\u00bb link=\u00a0\u00bbhttp:\/\/homs-univ.edu.sy\/it\/\u00a0\u00bb][vc_custom_heading text=\u00a0\u00bbLa Facult\u00e9 de G\u00e9nie Informatique\u00a0\u00bb font_container=\u00a0\u00bbtag:h3|text_align:center|color:%23000000&Prime; use_theme_fonts=\u00a0\u00bbyes\u00a0\u00bb css_animation=\u00a0\u00bbfadeIn\u00a0\u00bb][vc_column_text]<\/div>\n<div>La Facult\u00e9 de G\u00e9nie d&rsquo;Informatique a \u00e9t\u00e9 cr\u00e9\u00e9 par le d\u00e9cret l\u00e9gislatif N \u00b0 65 en 2000 \u00e0 laquelle ont rejoint les \u00e9tudiants de deuxi\u00e8me et troisi\u00e8me ann\u00e9es du D\u00e9partement d&rsquo;Informatique (de leur ancien si\u00e8ge dans la Facult\u00e9 des Sciences) et les \u00e9tudiants de deuxi\u00e8me ann\u00e9e du D\u00e9partement d&rsquo;Informatique (de leur ancien si\u00e8ge dans la Facult\u00e9 de G\u00e9nie M\u00e9canique et Electrique) La date de la sortie de la premi\u00e8re promotion d&rsquo;ing\u00e9nieurs dipl\u00f4m\u00e9s a \u00e9t\u00e9 en 2003  <\/div>\n<div>\n<p>[\/vc_column_text][\/vc_column_inner][vc_column_inner width=\u00a0\u00bb1\/3&Prime;][vc_single_image image=\u00a0\u00bb89422&Prime; img_size=\u00a0\u00bb400&#215;300&Prime; style=\u00a0\u00bbvc_box_rounded\u00a0\u00bb onclick=\u00a0\u00bbcustom_link\u00a0\u00bb img_link_target=\u00a0\u00bb_blank\u00a0\u00bb css_animation=\u00a0\u00bbfadeIn\u00a0\u00bb css=\u00a0\u00bb\u00a0\u00bb link=\u00a0\u00bbhttp:\/\/homs-univ.edu.sy\/archi\/\u00a0\u00bb][vc_custom_heading text=\u00a0\u00bbLa Facult\u00e9 d&apos;Architecture\u00a0\u00bb font_container=\u00a0\u00bbtag:h3|text_align:center|color:%23000000&Prime; use_theme_fonts=\u00a0\u00bbyes\u00a0\u00bb css_animation=\u00a0\u00bbfadeIn\u00a0\u00bb][vc_column_text css=\u00a0\u00bb\u00a0\u00bb]<\/p>\n<div>La Facult\u00e9 de G\u00e9nie Civil et d\u2019Architecture a \u00e9t\u00e9 fond\u00e9e selon le d\u00e9cret l\u00e9gislatif N\u00b044 de l\u2019an 1979 portant sur la cr\u00e9ation de l\u2019Universit\u00e9 de Homs. en 1985, le d\u00e9partement d\u2019architecture est devenu une facult\u00e9 ind\u00e9pendante appel\u00e9e: la Facult\u00e9 d\u2019Architecture.<\/div>\n<div><\/div>\n<p>[\/vc_column_text][\/vc_column_inner][vc_column_inner width=\u00a0\u00bb1\/3&Prime;][vc_single_image image=\u00a0\u00bb89436&Prime; img_size=\u00a0\u00bb400&#215;300&Prime; add_caption=\u00a0\u00bbyes\u00a0\u00bb alignment=\u00a0\u00bbcenter\u00a0\u00bb style=\u00a0\u00bbvc_box_rounded\u00a0\u00bb onclick=\u00a0\u00bbcustom_link\u00a0\u00bb img_link_target=\u00a0\u00bb_blank\u00a0\u00bb css_animation=\u00a0\u00bbfadeIn\u00a0\u00bb css=\u00a0\u00bb\u00a0\u00bb link=\u00a0\u00bbhttp:\/\/homs-univ.edu.sy\/civil\/\u00a0\u00bb][vc_custom_heading text=\u00a0\u00bbLa Facult\u00e9 de G\u00e9nie Civil\u00a0\u00bb font_container=\u00a0\u00bbtag:h3|text_align:center|color:%23000000&Prime; use_theme_fonts=\u00a0\u00bbyes\u00a0\u00bb css_animation=\u00a0\u00bbfadeIn\u00a0\u00bb][vc_column_text]<\/p>\n<\/div>\n<div>La Facult\u00e9 de g\u00e9nie civil a \u00e9t\u00e9 cr\u00e9\u00e9e par le d\u00e9cret n\u00b0 44 de 1979 portant cr\u00e9ation de l&rsquo;Universit\u00e9 de Homs. Elle vise \u00e0 former les \u00e9tudiants et de les qualifier en tant qu&rsquo;ing\u00e9nieurs sp\u00e9cialis\u00e9s dans diverses sp\u00e9cialit\u00e9s du g\u00e9nie civil, dans le but de promouvoir et de participer \u00e0 la recherche scientifique.<\/div>\n<div>[\/vc_column_text][\/vc_column_inner][\/vc_row_inner][vc_row_inner gap=\u00a0\u00bb2&Prime;][vc_column_inner width=\u00a0\u00bb1\/3&Prime;][vc_single_image image=\u00a0\u00bb89430&Prime; img_size=\u00a0\u00bb400&#215;300&Prime; add_caption=\u00a0\u00bbyes\u00a0\u00bb alignment=\u00a0\u00bbcenter\u00a0\u00bb style=\u00a0\u00bbvc_box_rounded\u00a0\u00bb onclick=\u00a0\u00bbcustom_link\u00a0\u00bb img_link_target=\u00a0\u00bb_blank\u00a0\u00bb css_animation=\u00a0\u00bbfadeIn\u00a0\u00bb css=\u00a0\u00bb\u00a0\u00bb link=\u00a0\u00bbhttp:\/\/homs-univ.edu.sy\/mec\/\u00a0\u00bb][vc_custom_heading text=\u00a0\u00bbLa Facult\u00e9 de G\u00e9nie M\u00e9canique et \u00c9lectrique\u00a0\u00bb font_container=\u00a0\u00bbtag:h3|text_align:center|color:%23000000&Prime; use_theme_fonts=\u00a0\u00bbyes\u00a0\u00bb css_animation=\u00a0\u00bbfadeIn\u00a0\u00bb][vc_column_text]<\/div>\n<div>La Facult\u00e9 de G\u00e9nie M\u00e9canique et \u00c9lectrique a \u00e9t\u00e9 cr\u00e9\u00e9e en vertu du d\u00e9cret portant cr\u00e9ation de l&rsquo;Universit\u00e9 de Homs N\u00b0 44 de l&rsquo;an 1977. Elle a \u00e9t\u00e9 ouverte au d\u00e9but de l&rsquo;ann\u00e9e universitaire 1995-1996 dans un b\u00e2timent appartenant au Minist\u00e8re de l&rsquo;\u00c9ducation. Au d\u00e9but de l&rsquo;ann\u00e9e universitaire 2000-2001, elle a \u00e9t\u00e9 temporairement transf\u00e9r\u00e9e \u00e0 la Facult\u00e9 des Sciences, et maintenant le nouveau b\u00e2timent de la facult\u00e9 a \u00e9t\u00e9 inaugur\u00e9 avec une surface b\u00e2tie totale de 50 000 m2. Au titre de l&rsquo;ann\u00e9e universitaire 2002-2003, de nouvelles sp\u00e9cialisations ont \u00e9t\u00e9 ouvertes: \u00e9nergie &#8211; \u00e9lectron &#8211; automatisme &#8211; forces &#8211; production &#8211; m\u00e9catronique &#8211; m\u00e9taux.  <\/div>\n<div>[\/vc_column_text][\/vc_column_inner][vc_column_inner width=\u00a0\u00bb1\/3&Prime;][vc_single_image image=\u00a0\u00bb89430&Prime; img_size=\u00a0\u00bb400&#215;300&Prime; alignment=\u00a0\u00bbright\u00a0\u00bb style=\u00a0\u00bbvc_box_rounded\u00a0\u00bb onclick=\u00a0\u00bbcustom_link\u00a0\u00bb img_link_target=\u00a0\u00bb_blank\u00a0\u00bb css_animation=\u00a0\u00bbfadeIn\u00a0\u00bb css=\u00a0\u00bb\u00a0\u00bb link=\u00a0\u00bbhttp:\/\/homs-univ.edu.sy\/petro\/\u00a0\u00bb][vc_custom_heading text=\u00a0\u00bbLa Facult\u00e9 de G\u00e9nie Chimique et P\u00e9trolier\u00a0\u00bb font_container=\u00a0\u00bbtag:h3|text_align:center|color:%23000000&Prime; use_theme_fonts=\u00a0\u00bbyes\u00a0\u00bb css_animation=\u00a0\u00bbfadeIn\u00a0\u00bb][vc_column_text]<\/div>\n<div>L&rsquo;Institut Sup\u00e9rieur du G\u00e9nie Chimique et P\u00e9trolier a \u00e9t\u00e9 cr\u00e9\u00e9 selon le d\u00e9cret N\u00b0 2021 du 25\/5\/1973 et il appartenait au Minist\u00e8re de l&rsquo;Enseignement Sup\u00e9rieur. Apr\u00e8s la promulgation du d\u00e9cret N\u00b0 44 du 14\/9\/1979 portant cr\u00e9ation de l&rsquo;Universit\u00e9 de Homs, l&rsquo;Institut Sup\u00e9rieur est devenu l&rsquo;un de ses facult\u00e9s et est connu sous le nom de la Facult\u00e9 de G\u00e9nie Chimique et P\u00e9trolier dont le si\u00e8ge est situ\u00e9 dans le quartier \u00ab\u00a0Deir Baalba\u00a0\u00bb, elle occupe actuellement son nouveau b\u00e2timent situ\u00e9 sur le campus universitaire. <\/div>\n<div>[\/vc_column_text][\/vc_column_inner][vc_column_inner width=\u00a0\u00bb1\/3&Prime;][vc_single_image image=\u00a0\u00bb1276&Prime; img_size=\u00a0\u00bb400&#215;300&Prime; add_caption=\u00a0\u00bbyes\u00a0\u00bb style=\u00a0\u00bbvc_box_rounded\u00a0\u00bb onclick=\u00a0\u00bbcustom_link\u00a0\u00bb img_link_target=\u00a0\u00bb_blank\u00a0\u00bb css_animation=\u00a0\u00bbfadeIn\u00a0\u00bb link=\u00a0\u00bbhttp:\/\/homs-univ.edu.sy\/agri\/\u00a0\u00bb][vc_custom_heading text=\u00a0\u00bbLa Facult\u00e9 de G\u00e9nie Agricole\u00a0\u00bb font_container=\u00a0\u00bbtag:h3|text_align:center|color:%23000000&Prime; use_theme_fonts=\u00a0\u00bbyes\u00a0\u00bb css_animation=\u00a0\u00bbfadeIn\u00a0\u00bb][vc_column_text]<\/div>\n<div>La Facult\u00e9 de G\u00e9nie Agricole a \u00e9t\u00e9 cr\u00e9\u00e9e conform\u00e9ment au d\u00e9cret l\u00e9gislatif portant cr\u00e9ation de l&rsquo;Universit\u00e9 de Homs N\u00b0 44 de l&rsquo;an 1977. Elle a \u00e9t\u00e9 ouverte au titre de l&rsquo;ann\u00e9e universitaire 1994-1995, elle occupe actuellement son nouveau b\u00e2timent situ\u00e9 sur le campus universitaire. <\/div>\n<div>[\/vc_column_text][\/vc_column_inner][\/vc_row_inner][vc_row_inner gap=\u00a0\u00bb2&Prime;][vc_column_inner width=\u00a0\u00bb1\/3&Prime;][vc_single_image image=\u00a0\u00bb1463&Prime; img_size=\u00a0\u00bb400&#215;300&Prime; alignment=\u00a0\u00bbright\u00a0\u00bb style=\u00a0\u00bbvc_box_rounded\u00a0\u00bb onclick=\u00a0\u00bbcustom_link\u00a0\u00bb img_link_target=\u00a0\u00bb_blank\u00a0\u00bb css_animation=\u00a0\u00bbfadeIn\u00a0\u00bb link=\u00a0\u00bbhttp:\/\/homs-univ.edu.sy\/applied\/\/\u00a0\u00bb][vc_custom_heading text=\u00a0\u00bbLa Facult\u00e9 d&apos;Application\u00a0\u00bb font_container=\u00a0\u00bbtag:h3|text_align:center|color:%23000000&Prime; use_theme_fonts=\u00a0\u00bbyes\u00a0\u00bb css_animation=\u00a0\u00bbfadeIn\u00a0\u00bb][vc_column_text]<\/div>\n<div>La Facult\u00e9 d\u2019Application a \u00e9t\u00e9 cr\u00e9\u00e9e en vertu du d\u00e9cret N\u00b0 292 du 8\/10\/2017. Elle a \u00e9t\u00e9 ouverte au d\u00e9but de l\u2019ann\u00e9e universitaire 2018-2019. Les titulaires du certificat de fin d\u2019\u00e9tudes secondaires (scientifique et professionnel) sont admis \u00e0 la facult\u00e9, et les titulaires du certificat de fin d\u2019\u00e9tudes secondaires professionnel constituent 75% des admis.  <\/div>\n<div>[\/vc_column_text][\/vc_column_inner][\/vc_row_inner][\/vc_tta_section][vc_tta_section i_icon_fontawesome=\u00a0\u00bbfa fa-heartbeat\u00a0\u00bb add_icon=\u00a0\u00bbtrue\u00a0\u00bb title=\u00a0\u00bbSciences M\u00e9dicales\u00a0\u00bb tab_id=\u00a0\u00bb1756195271829-33642af8-2733&Prime;][vc_row_inner gap=\u00a0\u00bb1&Prime;][vc_column_inner width=\u00a0\u00bb1\/3&Prime;][vc_single_image image=\u00a0\u00bb1285&Prime; img_size=\u00a0\u00bb400&#215;300&Prime; add_caption=\u00a0\u00bbyes\u00a0\u00bb style=\u00a0\u00bbvc_box_rounded\u00a0\u00bb onclick=\u00a0\u00bbcustom_link\u00a0\u00bb img_link_target=\u00a0\u00bb_blank\u00a0\u00bb css_animation=\u00a0\u00bbfadeIn\u00a0\u00bb link=\u00a0\u00bbhttp:\/\/homs-univ.edu.sy\/med\/\u00a0\u00bb][vc_custom_heading text=\u00a0\u00bbLa Facult\u00e9 de M\u00e9decine\u00a0\u00bb font_container=\u00a0\u00bbtag:h3|text_align:center\u00a0\u00bb use_theme_fonts=\u00a0\u00bbyes\u00a0\u00bb css_animation=\u00a0\u00bbfadeIn\u00a0\u00bb][vc_column_text]<\/div>\n<div>La Facult\u00e9 de m\u00e9decine a \u00e9t\u00e9 cr\u00e9\u00e9e par le d\u00e9cret n\u00b0 44 de 1979 portant cr\u00e9ation de l&rsquo;Universit\u00e9 de Homs. La Facult\u00e9 de m\u00e9decine humaine a ouvert ses portes en 1996 et son si\u00e8ge se trouve \u00e0 Homs. Elle accueille en moyenne 250 \u00e9tudiants chaque ann\u00e9e ainsi que des \u00e9tudiants arabes. Le nombre des \u00e9tudiants inscrits actuellement est de 1850 \u00e9tudiants. Elle se situe dans le campus universitaire. La Facult\u00e9 fournit les \u00e9quipements et laboratoires n\u00e9cessaires aux besoins scientifiques, p\u00e9dagogiques et de recherche des \u00e9tudiants, ainsi que de plusieurs amphith\u00e9\u00e2tres et salles accueillant toutes les activit\u00e9s.<\/div>\n<div>[\/vc_column_text][\/vc_column_inner][vc_column_inner width=\u00a0\u00bb1\/3&Prime;][vc_single_image image=\u00a0\u00bb1848&Prime; img_size=\u00a0\u00bb400&#215;300&Prime; add_caption=\u00a0\u00bbyes\u00a0\u00bb style=\u00a0\u00bbvc_box_rounded\u00a0\u00bb onclick=\u00a0\u00bbcustom_link\u00a0\u00bb img_link_target=\u00a0\u00bb_blank\u00a0\u00bb css_animation=\u00a0\u00bbfadeIn\u00a0\u00bb link=\u00a0\u00bbhttp:\/\/homs-univ.edu.sy\/den\/\u00a0\u00bb][vc_custom_heading text=\u00a0\u00bbLa Facult\u00e9 d&apos;Odontologie\u00a0\u00bb font_container=\u00a0\u00bbtag:h3|text_align:center|color:%23000000&Prime; use_theme_fonts=\u00a0\u00bbyes\u00a0\u00bb css_animation=\u00a0\u00bbfadeIn\u00a0\u00bb][vc_column_text]<\/div>\n<div>La Facult\u00e9 d&rsquo;Odontologie \u00e0 l&rsquo;Universit\u00e9 de Homs a \u00e9t\u00e9 ouverte en vertu du d\u00e9cret l\u00e9gislatif N\u00b0 \/213\/ du 03\/07\/2014. Elle vise \u00e0 former des m\u00e9decins comp\u00e9tents capables \u00e0 r\u00e9pondre aux besoins de la soci\u00e9t\u00e9 sanitaires pr\u00e9ventives et th\u00e9rapeutiques.<\/div>\n<div>[\/vc_column_text][\/vc_column_inner][vc_column_inner width=\u00a0\u00bb1\/3&Prime;][vc_single_image image=\u00a0\u00bb1287&Prime; img_size=\u00a0\u00bb400&#215;300&Prime; add_caption=\u00a0\u00bbyes\u00a0\u00bb alignment=\u00a0\u00bbright\u00a0\u00bb style=\u00a0\u00bbvc_box_rounded\u00a0\u00bb onclick=\u00a0\u00bbcustom_link\u00a0\u00bb img_link_target=\u00a0\u00bb_blank\u00a0\u00bb css_animation=\u00a0\u00bbfadeIn\u00a0\u00bb link=\u00a0\u00bbhttp:\/\/homs-univ.edu.sy\/pharmacy\/\u00a0\u00bb][vc_custom_heading text=\u00a0\u00bbLa Facult\u00e9 de Pharmacie\u00a0\u00bb font_container=\u00a0\u00bbtag:h3|text_align:center|color:%23000000&Prime; use_theme_fonts=\u00a0\u00bbyes\u00a0\u00bb css_animation=\u00a0\u00bbfadeIn\u00a0\u00bb][vc_column_text]<\/div>\n<div>La Facult\u00e9 de pharmacie a \u00e9t\u00e9 ouverte au cours de l&rsquo;ann\u00e9e universitaire 1999-2000. Elle vise \u00e0 former des pharmaciens dans toutes les disciplines et professions pharmaceutiques et \u00e0 promouvoir les \u00e9tudes sup\u00e9rieures et la recherche scientifique ce qui contribue au d\u00e9veloppent des sciences pharmaceutiques<\/div>\n<div>[\/vc_column_text][\/vc_column_inner][\/vc_row_inner][vc_row_inner gap=\u00a0\u00bb1&Prime;][vc_column_inner width=\u00a0\u00bb1\/3&Prime;][vc_single_image image=\u00a0\u00bb1287&Prime; img_size=\u00a0\u00bb400&#215;300&Prime; add_caption=\u00a0\u00bbyes\u00a0\u00bb style=\u00a0\u00bbvc_box_rounded\u00a0\u00bb onclick=\u00a0\u00bbcustom_link\u00a0\u00bb img_link_target=\u00a0\u00bb_blank\u00a0\u00bb css_animation=\u00a0\u00bbfadeIn\u00a0\u00bb link=\u00a0\u00bbhttp:\/\/homs-univ.edu.sy\/healthy\/\u00a0\u00bb][vc_custom_heading text=\u00a0\u00bbLa Facult\u00e9 des Sciences de la Sant\u00e9\u00a0\u00bb font_container=\u00a0\u00bbtag:h3|text_align:center\u00a0\u00bb use_theme_fonts=\u00a0\u00bbyes\u00a0\u00bb css_animation=\u00a0\u00bbfadeIn\u00a0\u00bb][vc_column_text]<\/div>\n<div>La Facult\u00e9 des Sciences de la sant\u00e9 a \u00e9t\u00e9 cr\u00e9\u00e9e en 2005 en vertu du d\u00e9cret l\u00e9gislatif N\u00b0 \/274\/ du 30 janvier 2005. Cette facult\u00e9 unique en R\u00e9publique arabe syrienne a \u00e9t\u00e9 ouverte dans le but de fournir un cadre qualifi\u00e9 comp\u00e9tent, en particulier dans le domaine scientifique pour r\u00e9pondre aux besoins du march\u00e9 du travail dans diverses sp\u00e9cialisations : D\u00e9partement de physioth\u00e9rapie, D\u00e9partement de nutrition, D\u00e9partement des sciences de laboratoire<\/div>\n<div>[\/vc_column_text][\/vc_column_inner][\/vc_row_inner][\/vc_tta_section][vc_tta_section i_type=\u00a0\u00bbentypo\u00a0\u00bb i_icon_entypo=\u00a0\u00bbentypo-icon entypo-icon-users\u00a0\u00bb add_icon=\u00a0\u00bbtrue\u00a0\u00bb title=\u00a0\u00bbLes sciences humaines\u00a0\u00bb tab_id=\u00a0\u00bb1756195272666-f0d0acd9-f9cf\u00a0\u00bb][vc_row_inner][vc_column_inner width=\u00a0\u00bb1\/3&Prime;][vc_single_image image=\u00a0\u00bb89525&Prime; img_size=\u00a0\u00bb400&#215;300&Prime; alignment=\u00a0\u00bbright\u00a0\u00bb style=\u00a0\u00bbvc_box_rounded\u00a0\u00bb onclick=\u00a0\u00bbcustom_link\u00a0\u00bb img_link_target=\u00a0\u00bb_blank\u00a0\u00bb css_animation=\u00a0\u00bbfadeIn\u00a0\u00bb css=\u00a0\u00bb\u00a0\u00bb link=\u00a0\u00bbhttp:\/\/homs-univ.edu.sy\/humanities\/\u00a0\u00bb][vc_custom_heading text=\u00a0\u00bbLa Facult\u00e9 des Lettres et des Sciences Humaines\u00a0\u00bb font_container=\u00a0\u00bbtag:h3|text_align:center|color:%23000000&Prime; use_theme_fonts=\u00a0\u00bbyes\u00a0\u00bb css_animation=\u00a0\u00bbfadeIn\u00a0\u00bb][vc_column_text]<\/div>\n<div>La Facult\u00e9 des Lettres et des Sciences Humaines \u00e0 l&rsquo;Universit\u00e9 de Homs a \u00e9t\u00e9 cr\u00e9\u00e9e par le d\u00e9cret l\u00e9gislatif N\u00b0 \/2109\/ du 25\/10\/1982 et son si\u00e8ge est \u00e0 Homs. Elle a d\u00e9m\u00e9nag\u00e9 dans un nouveau b\u00e2timent au sein du campus universitaire, elle est compos\u00e9e de sept blocs et regroupe les d\u00e9partements suivants : D\u00e9partement de langue arabe, D\u00e9partement de langue anglaise, D\u00e9partement de langue fran\u00e7aise et D\u00e9partement d&rsquo;histoire.<\/div>\n<div>\n<p>[\/vc_column_text][\/vc_column_inner][vc_column_inner width=\u00a0\u00bb1\/3&Prime;][vc_single_image image=\u00a0\u00bb89528&Prime; img_size=\u00a0\u00bb400&#215;300&Prime; alignment=\u00a0\u00bbcenter\u00a0\u00bb style=\u00a0\u00bbvc_box_rounded\u00a0\u00bb onclick=\u00a0\u00bbcustom_link\u00a0\u00bb img_link_target=\u00a0\u00bb_blank\u00a0\u00bb css_animation=\u00a0\u00bbfadeIn\u00a0\u00bb css=\u00a0\u00bb\u00a0\u00bb link=\u00a0\u00bbhttp:\/\/homs-univ.edu.sy\/law\/\u00a0\u00bb][vc_custom_heading text=\u00a0\u00bbLa Facult\u00e9 de Droit\u00a0\u00bb font_container=\u00a0\u00bbtag:h3|text_align:center|color:%23000000&Prime; use_theme_fonts=\u00a0\u00bbyes\u00a0\u00bb css_animation=\u00a0\u00bbfadeIn\u00a0\u00bb][vc_column_text css=\u00a0\u00bb\u00a0\u00bb]<\/p>\n<div>. La facult\u00e9 de Droit a \u00e9t\u00e9 cr\u00e9\u00e9e par le d\u00e9cret l\u00e9gislatif N\u00b0 \/258\/ du 18 juillet 2006. Elle a \u00e9t\u00e9 ouverte au titre de l\u2019ann\u00e9e universitaire 2006-2007.<\/div>\n<div><\/div>\n<p>[\/vc_column_text][\/vc_column_inner][vc_column_inner width=\u00a0\u00bb1\/3&Prime;][vc_single_image image=\u00a0\u00bb1466&Prime; img_size=\u00a0\u00bb400&#215;300&Prime; style=\u00a0\u00bbvc_box_rounded\u00a0\u00bb onclick=\u00a0\u00bbcustom_link\u00a0\u00bb img_link_target=\u00a0\u00bb_blank\u00a0\u00bb css_animation=\u00a0\u00bbfadeIn\u00a0\u00bb link=\u00a0\u00bbhttp:\/\/homs-univ.edu.sy\/tourism\/\u00a0\u00bb][vc_custom_heading text=\u00a0\u00bbLa Facult\u00e9 de Tourisme\u00a0\u00bb font_container=\u00a0\u00bbtag:h3|text_align:center|color:%23000000&Prime; use_theme_fonts=\u00a0\u00bbyes\u00a0\u00bb css_animation=\u00a0\u00bbfadeIn\u00a0\u00bb][vc_column_text]<\/p>\n<\/div>\n<div>La Facult\u00e9 de Tourisme a \u00e9t\u00e9 cr\u00e9\u00e9e \u00e0 l&rsquo;Universit\u00e9 de Homs, dans la ville de Homs, par le d\u00e9cret l\u00e9gislatif n\u00b0\/114\/, au titre de l&rsquo;ann\u00e9e universitaire 2006\/2007. Elle d\u00e9livre deux dipl\u00f4mes universitaires diff\u00e9rents : sciences du tourisme et gestion h\u00f4teli\u00e8re.<\/div>\n<div>[\/vc_column_text][\/vc_column_inner][\/vc_row_inner][vc_row_inner][vc_column_inner width=\u00a0\u00bb1\/3&Prime;][vc_single_image image=\u00a0\u00bb1336&Prime; img_size=\u00a0\u00bb400&#215;300&Prime; alignment=\u00a0\u00bbright\u00a0\u00bb style=\u00a0\u00bbvc_box_rounded\u00a0\u00bb onclick=\u00a0\u00bbcustom_link\u00a0\u00bb img_link_target=\u00a0\u00bb_blank\u00a0\u00bb css_animation=\u00a0\u00bbfadeIn\u00a0\u00bb link=\u00a0\u00bbhttp:\/\/homs-univ.edu.sy\/education\/\u00a0\u00bb][vc_custom_heading text=\u00a0\u00bbLa Facult\u00e9 d&apos;\u00c9ducation\u00a0\u00bb font_container=\u00a0\u00bbtag:h3|text_align:center|color:%23000000&Prime; use_theme_fonts=\u00a0\u00bbyes\u00a0\u00bb css_animation=\u00a0\u00bbfadeIn\u00a0\u00bb][vc_column_text]<\/div>\n<div>La Facult\u00e9 d&rsquo;\u00c9ducation a \u00e9t\u00e9 ouverte \u00e0 l&rsquo;Universit\u00e9 de Homs en 1997, son si\u00e8ge est dans le campus universitaire dans la ville de Homs. Son personnel enseignant se compose de 87 membres. Les sp\u00e9cialisations sont : D\u00e9partement de Conseil Psychologique &#8211; D\u00e9partement des Programmes et des M\u00e9thodes d&rsquo;Enseignement &#8211; D\u00e9partement de l&rsquo;\u00c9ducation de l&rsquo;Enfant <\/div>\n<div>[\/vc_column_text][\/vc_column_inner][vc_column_inner width=\u00a0\u00bb1\/3&Prime;][vc_single_image image=\u00a0\u00bb9960&Prime; img_size=\u00a0\u00bb400&#215;300&Prime; alignment=\u00a0\u00bbcenter\u00a0\u00bb style=\u00a0\u00bbvc_box_rounded\u00a0\u00bb onclick=\u00a0\u00bbcustom_link\u00a0\u00bb img_link_target=\u00a0\u00bb_blank\u00a0\u00bb css_animation=\u00a0\u00bbfadeIn\u00a0\u00bb link=\u00a0\u00bbhttps:\/\/homs-univ.edu.sy\/education2\/\u00a0\u00bb][vc_custom_heading text=\u00a0\u00bbLa Facult\u00e9 d&apos;\u00c9ducation (Palmyre)\u00a0\u00bb font_container=\u00a0\u00bbtag:h3|text_align:center|color:%23000000&Prime; use_theme_fonts=\u00a0\u00bbyes\u00a0\u00bb css_animation=\u00a0\u00bbfadeIn\u00a0\u00bb][vc_column_text]<\/div>\n<div>La Facult\u00e9 d&rsquo;Education \/2\/ \u00e0 l&rsquo;Universit\u00e9 de Homs a \u00e9t\u00e9 fond\u00e9e en 2009. Elle comprend 9 d\u00e9partements dont l&rsquo;un (d\u00e9partement de professeur des \u00e9coles) a \u00e9t\u00e9 ouvert selon la liste r\u00e9glementaire \u00e9mise par le d\u00e9cret l\u00e9gislatif N\u00b0\/336\/ du 02\/08\/2009. D\u00e9partement des Enseignants du Primaire (la dur\u00e9e des \u00e9tudes est de quatre ans) en plus du dipl\u00f4me de qualification p\u00e9dagogique (la dur\u00e9e des \u00e9tudes est d&rsquo;un an)<\/div>\n<div>[\/vc_column_text][\/vc_column_inner][vc_column_inner width=\u00a0\u00bb1\/3&Prime;][vc_single_image image=\u00a0\u00bb1470&Prime; img_size=\u00a0\u00bb400&#215;300&Prime; style=\u00a0\u00bbvc_box_rounded\u00a0\u00bb onclick=\u00a0\u00bbcustom_link\u00a0\u00bb img_link_target=\u00a0\u00bb_blank\u00a0\u00bb css_animation=\u00a0\u00bbfadeIn\u00a0\u00bb link=\u00a0\u00bbhttp:\/\/homs-univ.edu.sy\/music\/\u00a0\u00bb][vc_custom_heading text=\u00a0\u00bbLa Facult\u00e9 d&apos;\u00c9ducation Musicale\u00a0\u00bb font_container=\u00a0\u00bbtag:h3|text_align:center|color:%23000000&Prime; use_theme_fonts=\u00a0\u00bbyes\u00a0\u00bb css_animation=\u00a0\u00bbfadeIn\u00a0\u00bb][vc_column_text]<\/div>\n<div>Conform\u00e9ment au d\u00e9cret l\u00e9gislatif n\u00b0 153 du 16 avril 2003, portant organisation de la Facult\u00e9 d&rsquo;Education musicale \u00e0 l&rsquo;Universit\u00e9 de Homs, la Facult\u00e9 d&rsquo;Education musicale a ouvert ses portes aux \u00e9tudiants au titre de l&rsquo;ann\u00e9e universitaire 2003\/2004. Les travaux ont \u00e9t\u00e9 men\u00e9s en deux phases pour am\u00e9nager les laboratoires de la facult\u00e9 qui comprenaient 16 laboratoires de formation individuelle, un laboratoire informatique, un laboratoire de formation collective et un amphith\u00e9\u00e2tre. L&rsquo;ensemble des travaux relatifs a \u00e9t\u00e9 achev\u00e9 le 14 juillet 2005. La troisi\u00e8me phase de l&rsquo;\u00e9quipement des laboratoires qui comprenait 20 salles de formation individuelle, a \u00e9t\u00e9 achev\u00e9e et inaugur\u00e9e en date du 12 d\u00e9cembre 2007<\/div>\n<div>[\/vc_column_text][\/vc_column_inner][\/vc_row_inner][\/vc_tta_section][vc_tta_section i_icon_fontawesome=\u00a0\u00bb\u00a0\u00bb add_icon=\u00a0\u00bbtrue\u00a0\u00bb title=\u00a0\u00bbLes sciences \u00e9conomiques\u00a0\u00bb tab_id=\u00a0\u00bb1756195273910-0d8dcb31-6aa2&Prime;][vc_row_inner][vc_column_inner width=\u00a0\u00bb1\/3&Prime;][vc_single_image image=\u00a0\u00bb1852&Prime; img_size=\u00a0\u00bb400&#215;300&Prime; alignment=\u00a0\u00bbright\u00a0\u00bb style=\u00a0\u00bbvc_box_rounded\u00a0\u00bb onclick=\u00a0\u00bbcustom_link\u00a0\u00bb img_link_target=\u00a0\u00bb_blank\u00a0\u00bb css_animation=\u00a0\u00bbfadeIn\u00a0\u00bb link=\u00a0\u00bbhttp:\/\/homs-univ.edu.sy\/economy\/\u00a0\u00bb][vc_custom_heading text=\u00a0\u00bbLa Facult\u00e9 d&apos;\u00c9conomie\u00a0\u00bb font_container=\u00a0\u00bbtag:h3|text_align:center|color:%23000000&Prime; use_theme_fonts=\u00a0\u00bbyes\u00a0\u00bb css_animation=\u00a0\u00bbfadeIn\u00a0\u00bb][vc_column_text]<\/div>\n<div>La facult\u00e9 a \u00e9t\u00e9 cr\u00e9\u00e9e en 2014\/2015 et comprend le d\u00e9partement d&rsquo;administration des affaires, qui commence en troisi\u00e8me ann\u00e9e. La Facult\u00e9 d\u2019\u00c9conomie cherche l&rsquo;excellence et \u00e0 atteindre une position \u00e9lev\u00e9e dans l&rsquo;enseignement sup\u00e9rieur dans les domaines de l&rsquo;\u00e9conomie et des sciences administratives sp\u00e9cialis\u00e9es pour s&rsquo;adapter au march\u00e9 du travail et rendre des services \u00e0 la communaut\u00e9.<\/div>\n<div>[\/vc_column_text][\/vc_column_inner][vc_column_inner width=\u00a0\u00bb1\/3&Prime;][\/vc_column_inner][vc_column_inner width=\u00a0\u00bb1\/3&Prime;][\/vc_column_inner][\/vc_row_inner][\/vc_tta_section][vc_tta_section i_icon_fontawesome=\u00a0\u00bbfa fa-flask\u00a0\u00bb add_icon=\u00a0\u00bbtrue\u00a0\u00bb title=\u00a0\u00bbLes sciences fondamentales\u00a0\u00bb tab_id=\u00a0\u00bb1756195274333-bffdb2da-c38a\u00a0\u00bb][vc_row_inner][vc_column_inner width=\u00a0\u00bb1\/3&Prime;][vc_single_image image=\u00a0\u00bb9957&Prime; img_size=\u00a0\u00bb400&#215;300&Prime; alignment=\u00a0\u00bbright\u00a0\u00bb style=\u00a0\u00bbvc_box_rounded\u00a0\u00bb onclick=\u00a0\u00bbcustom_link\u00a0\u00bb img_link_target=\u00a0\u00bb_blank\u00a0\u00bb css_animation=\u00a0\u00bbfadeIn\u00a0\u00bb link=\u00a0\u00bbhttp:\/\/homs-univ.edu.sy\/science\/\u00a0\u00bb][vc_custom_heading text=\u00a0\u00bbLa Facult\u00e9 des Sciences\u00a0\u00bb font_container=\u00a0\u00bbtag:h3|text_align:center|color:%23000000&Prime; use_theme_fonts=\u00a0\u00bbyes\u00a0\u00bb css_animation=\u00a0\u00bbfadeIn\u00a0\u00bb][vc_column_text]<\/div>\n<div>La Facult\u00e9 des Sciences a \u00e9t\u00e9 fond\u00e9e par d\u00e9cret l\u00e9gislatif N\u00b0\/1262\/ du 30 juillet 1977 en tant qu&rsquo;une unit\u00e9 d&rsquo;enseignement situ\u00e9e \u00e0 la ville de Homs et appartenant \u00e0 l&rsquo;Universit\u00e9 de Damas. Par d\u00e9cret l\u00e9gislatif N\u00b0 \/44\/ du 14 septembre 1979 portant cr\u00e9ation de l&rsquo;Universit\u00e9 d&rsquo;Homs, la Facult\u00e9 des Sciences a \u00e9t\u00e9 consid\u00e9r\u00e9e comme l&rsquo;une des facult\u00e9s de base de l&rsquo;Universit\u00e9 de Homs et se compose de : D\u00e9partement de Math\u00e9matiques &#8211; D\u00e9partement de Statistique &#8211; D\u00e9partement de Physique &#8211; D\u00e9partement de Chimie &#8211; D\u00e9partement de Science de la vie &#8211; D\u00e9partement de G\u00e9ologie<\/div>\n<div>[\/vc_column_text][\/vc_column_inner][vc_column_inner width=\u00a0\u00bb1\/3&Prime;][vc_single_image image=\u00a0\u00bb9957&Prime; img_size=\u00a0\u00bb400&#215;300&Prime; alignment=\u00a0\u00bbcenter\u00a0\u00bb style=\u00a0\u00bbvc_box_rounded\u00a0\u00bb onclick=\u00a0\u00bbcustom_link\u00a0\u00bb img_link_target=\u00a0\u00bb_blank\u00a0\u00bb css_animation=\u00a0\u00bbfadeIn\u00a0\u00bb link=\u00a0\u00bbhttp:\/\/homs-univ.edu.sy\/science2\/\u00a0\u00bb][vc_custom_heading text=\u00a0\u00bbLa Facult\u00e9 des Sciences (Palmyre)\u00a0\u00bb font_container=\u00a0\u00bbtag:h3|text_align:center|color:%23000000&Prime; use_theme_fonts=\u00a0\u00bbyes\u00a0\u00bb css_animation=\u00a0\u00bbfadeIn\u00a0\u00bb][vc_column_text]<\/div>\n<div>La Facult\u00e9 des Sciences \/2\/ a \u00e9t\u00e9 ouverte \u00e0 la ville de Palmyre par d\u00e9cret l\u00e9gislatif N\u00b0\/283\/ du 07\/07\/2010 et elle appartient \u00e0 l&rsquo;Universit\u00e9 de Homs. Depuis sa fondation l&rsquo;Universit\u00e9 des Sciences \/2\/ \u00e0 Palmyre a eu un grand r\u00f4le dans la diffusion des connaissances et l&rsquo;accopagnement des derniers d\u00e9veloppments et \u00e9volutions. Elle se compose de: D\u00e9partement de Math\u00e9matiques &#8211; D\u00e9partement de Chimie<\/div>\n<div>[\/vc_column_text][\/vc_column_inner][vc_column_inner width=\u00a0\u00bb1\/3&Prime;][\/vc_column_inner][\/vc_row_inner][\/vc_tta_section][\/vc_tta_tabs][\/vc_column][\/vc_row][vc_row][vc_column][vc_column_text]<\/div>\n<\/div>\n<p>[\/vc_column_text][\/vc_column][\/vc_row]<\/p>\n<\/div>","protected":false},"excerpt":{"rendered":"<p>[vc_row][vc_column][vc_column_text] [\/vc_column_text][\/vc_column][\/vc_row][vc_row rtl_reverse=\u00a0\u00bbyes\u00a0\u00bb][vc_column][vc_tta_tabs style=\u00a0\u00bbmodern\u00a0\u00bb color=\u00a0\u00bbwhite\u00a0\u00bb alignment=\u00a0\u00bbcenter\u00a0\u00bb active_section=\u00a0\u00bb1&Prime; css_animation=\u00a0\u00bbfadeIn\u00a0\u00bb][vc_tta_section i_type=\u00a0\u00bbentypo\u00a0\u00bb i_icon_entypo=\u00a0\u00bbentypo-icon entypo-icon-tools\u00a0\u00bb add_icon=\u00a0\u00bbtrue\u00a0\u00bb title=\u00a0\u00bbLes sciences d&apos;ing\u00e9nierie\u00a0\u00bb tab_id=\u00a0\u00bb1756195270758-4112fa60-9d70&Prime;][vc_row_inner gap=\u00a0\u00bb2&Prime;][vc_column_inner width=\u00a0\u00bb1\/3&Prime;][vc_single_image image=\u00a0\u00bb89433&Prime; img_size=\u00a0\u00bb400&#215;300&Prime; alignment=\u00a0\u00bbright\u00a0\u00bb style=\u00a0\u00bbvc_box_rounded\u00a0\u00bb onclick=\u00a0\u00bbcustom_link\u00a0\u00bb img_link_target=\u00a0\u00bb_blank\u00a0\u00bb css_animation=\u00a0\u00bbfadeIn\u00a0\u00bb css=\u00a0\u00bb\u00a0\u00bb<span class=\"excerpt-hellip\"> [\u2026]<\/span><\/p>\n","protected":false},"author":1,"featured_media":-1,"parent":46075,"menu_order":0,"comment_status":"closed","ping_status":"closed","template":"","meta":{"_acf_changed":false,"footnotes":""},"class_list":["post-46422","page","type-page","status-publish","has-post-thumbnail","hentry"],"acf":[],"_links":{"self":[{"href":"https:\/\/homs-univ.edu.sy\/fr\/wp-json\/wp\/v2\/pages\/46422","targetHints":{"allow":["GET"]}}],"collection":[{"href":"https:\/\/homs-univ.edu.sy\/fr\/wp-json\/wp\/v2\/pages"}],"about":[{"href":"https:\/\/homs-univ.edu.sy\/fr\/wp-json\/wp\/v2\/types\/page"}],"author":[{"embeddable":true,"href":"https:\/\/homs-univ.edu.sy\/fr\/wp-json\/wp\/v2\/users\/1"}],"replies":[{"embeddable":true,"href":"https:\/\/homs-univ.edu.sy\/fr\/wp-json\/wp\/v2\/comments?post=46422"}],"version-history":[{"count":66,"href":"https:\/\/homs-univ.edu.sy\/fr\/wp-json\/wp\/v2\/pages\/46422\/revisions"}],"predecessor-version":[{"id":90396,"href":"https:\/\/homs-univ.edu.sy\/fr\/wp-json\/wp\/v2\/pages\/46422\/revisions\/90396"}],"up":[{"embeddable":true,"href":"https:\/\/homs-univ.edu.sy\/fr\/wp-json\/wp\/v2\/pages\/46075"}],"wp:featuredmedia":[{"embeddable":true,"href":"https:\/\/homs-univ.edu.sy\/fr\/wp-json\/"}],"wp:attachment":[{"href":"https:\/\/homs-univ.edu.sy\/fr\/wp-json\/wp\/v2\/media?parent=46422"}],"curies":[{"name":"wp","href":"https:\/\/api.w.org\/{rel}","templated":true}]}}